{"id":254,"date":"2020-10-16T10:51:22","date_gmt":"2020-10-16T08:51:22","guid":{"rendered":"http:\/\/test.pus-eck.de\/?page_id=254"},"modified":"2023-03-01T12:22:09","modified_gmt":"2023-03-01T11:22:09","slug":"schuelervertretung","status":"publish","type":"page","link":"http:\/\/test.pus-eck.de\/?page_id=254","title":{"rendered":"Sch\u00fclervertretung"},"content":{"rendered":"<div data-colibri-id=\"254-c1\" class=\"style-382 style-local-254-c1 position-relative\">\r\n  <!---->\r\n  <div data-colibri-component=\"section\" data-colibri-id=\"254-c20\" id=\"custom\" class=\"h-section h-section-global-spacing d-flex align-items-lg-center align-items-md-center align-items-center style-401 style-local-254-c20 position-relative\">\r\n    <!---->\r\n    <!---->\r\n    <div class=\"h-section-grid-container h-section-boxed-container\">\r\n      <!---->\r\n      <div data-colibri-id=\"254-c21\" class=\"h-row-container gutters-row-lg-2 gutters-row-md-2 gutters-row-0 gutters-row-v-lg-2 gutters-row-v-md-2 gutters-row-v-2 style-402 style-local-254-c21 position-relative\">\r\n        <!---->\r\n        <div class=\"h-row justify-content-lg-center justify-content-md-center justify-content-center align-items-lg-stretch align-items-md-stretch align-items-stretch gutters-col-lg-2 gutters-col-md-2 gutters-col-0 gutters-col-v-lg-2 gutters-col-v-md-2 gutters-col-v-2\">\r\n          <!---->\r\n          <div class=\"h-column h-column-container d-flex h-col-lg-auto h-col-md-auto h-col-auto style-403-outer style-local-254-c22-outer\">\r\n            <div data-colibri-id=\"254-c22\" class=\"d-flex h-flex-basis h-column__inner h-px-lg-2 h-px-md-2 h-px-2 v-inner-lg-2 v-inner-md-2 v-inner-2 style-403 style-local-254-c22 position-relative\">\r\n              <!---->\r\n              <!---->\r\n              <div class=\"w-100 h-y-container h-column__content h-column__v-align flex-basis-100 align-self-lg-start align-self-md-start align-self-start\">\r\n                <!---->\r\n                <div data-colibri-id=\"254-c24\" class=\"d-block style-405 style-local-254-c24 position-relative h-element\">\r\n                  <!---->\r\n                  <div class=\"h-image__frame-container-outer\">\r\n                    <div class=\"h-image__frame-container\">\r\n                      <!---->\r\n                      <!---->\r\n                      <img decoding=\"async\" loading=\"lazy\" width=\"380\" height=\"248\" src=\"http:\/\/test.pus-eck.de\/wp-content\/uploads\/2022\/05\/shapeimage_1-18.png\" class=\"wp-image-1306 style-405-image style-local-254-c24-image\" srcset=\"http:\/\/test.pus-eck.de\/wp-content\/uploads\/2022\/05\/shapeimage_1-18.png 380w, http:\/\/test.pus-eck.de\/wp-content\/uploads\/2022\/05\/shapeimage_1-18-300x196.png 300w\" sizes=\"(max-width: 380px) 100vw, 380px\" alt=\"\" \/>\r\n                      <div class=\"h-image__frame h-hide-lg h-hide-md h-hide-sm style-405-frameImage style-local-254-c24-frameImage\"><\/div>\r\n                    <\/div>\r\n                  <\/div>\r\n                <\/div>\r\n              <\/div>\r\n            <\/div>\r\n          <\/div>\r\n          <div class=\"h-column h-column-container d-flex h-col-lg-auto h-col-md-auto h-col-auto style-404-outer style-local-254-c23-outer\">\r\n            <div data-colibri-id=\"254-c23\" class=\"d-flex h-flex-basis h-column__inner h-px-lg-2 h-px-md-2 h-px-2 v-inner-lg-2 v-inner-md-2 v-inner-2 style-404 style-local-254-c23 position-relative\">\r\n              <!---->\r\n              <!---->\r\n              <div class=\"w-100 h-y-container h-column__content h-column__v-align flex-basis-100 align-self-lg-start align-self-md-start align-self-start\">\r\n                <!---->\r\n                <div data-colibri-id=\"254-c25\" class=\"h-text h-text-component style-406 style-local-254-c25 position-relative h-element\">\r\n                  <!---->\r\n                  <!---->\r\n                  <div class=\"\">\r\n                    <p>Die Sch\u00fclervertretung ist eine Gruppe mehrerer Sch\u00fcler und Sch\u00fclerinnen unserer Schule, die j\u00e4hrlich von den Klassensprechern gew\u00e4hlt wird. Sie haben das Recht auf der Schulkonferenz im Namen der Sch\u00fcler und Sch\u00fclerinnen mit abzustimmen.\r\n                      Die aktuelle SV sind:<\/p>\r\n                    <p>Lasse Carstensen, <\/p>\r\n                    <p>Eren Can Cekim,<\/p>\r\n                    <p>Edris Fiazi,<\/p>\r\n                    <p>Zazie Florek,<\/p>\r\n                    <p>Lennard Ha\u00df,<\/p>\r\n                    <p>Felix Lewe H\u00f6neise,<\/p>\r\n                    <p>Leony Knack,<\/p>\r\n                    <p>Zo\u00e9 K\u00f6nig,<\/p>\r\n                    <p>Elen Sarapli,<\/p>\r\n                    <p>Jakob Steinborn,<\/p>\r\n                    <p>Sarah Kalyani Thiessen, <\/p>\r\n                    <p>Mika Waller<\/p>\r\n                    <p>\r\n                      <br>\r\n                    <\/p>\r\n                    <p>\r\n                      <br>\r\n                    <\/p>\r\n                    <p>Was macht eigentlich die SV?<\/p>\r\n                    <p>Wichtigste selbstgestellte Aufgabe der SV ist es Kritik, Anregungen und Ideen der Sch\u00fclerschaft zu den aktuellen und wichtigen schulischen Themen zu sammeln und&nbsp;&nbsp;&nbsp;mithilfe dieser die Positionen zu beziehen, die wir auf\r\n                      schulischen Konferenzen und Aussch\u00fcssen vertreten wollen.<\/p>\r\n                    <p>Durch die regelm\u00e4\u00dfigen SV-Sitzungen, zu denen alle Klassensprecher\/-innen eingeladen sind, ist es m\u00f6glich Vorschl\u00e4ge an die SV heranzutragen. Kann so ein Vorschlag jedoch nicht warten, ist es auch m\u00f6glich, uns entweder eine Nachricht\r\n                      ins Fach beim Sekretariat zu legen, oder ein SV-Mitglied pers\u00f6nlich anzusprechen. Bei aktuellen Themen, die den Schulalltag besonders betreffen, wollen wir durch Umfragen ein repr\u00e4sentatives Meinungsbild der Sch\u00fclerinnen und Sch\u00fcler\r\n                      einholen, mit den Ergebnissen k\u00f6nnen wir bei entscheidenden Konferenzen argumentieren. Wir k\u00fcmmern uns also um die Vorschl\u00e4ge der Sch\u00fcler und Sch\u00fclerinnen und versuchen diese umzusetzen. Eure Anliegen k\u00f6nnt ihr uns gerne als Email\r\n                      senden, allerdings m\u00fcsst ihr daf\u00fcr im IServ-System angemeldet sein. Auch m\u00f6glich ist es eure Anregungen in unseren Briefkasten bei unserem SV-Raum hinterlegen. Dieser befindet sich in der oberen Pausenhalle und hat die Nummer 158a.<\/p>\r\n                    <p>Die Arbeit, die in der SV anf\u00e4llt, ist \u00e4u\u00dferst vielf\u00e4ltig, daher ist es sehr gut, dass wir ein gemischtes Team aus mehreren Klassenstufen gebildet haben. \u00dcber die Jahre hinweg hat &nbsp;&nbsp;&nbsp;&nbsp;die SV an der Peter-Ustinov-Schule\r\n                      schon eine Menge erreicht, so haben wir erst k\u00fcrzlich auf der Schulkonferenz erfolgreich daf\u00fcr gek\u00e4mpft, dass es eine einheitliche Regelung f\u00fcr die Nutzung elektronischer Ger\u00e4te gibt. Die SV nimmt also das Recht der Sch\u00fclerschaft\r\n                      wahr, aktiv den Schulalltag zu erleichtern und zu optimieren, mitzubestimmen, den Lehrkr\u00e4ften die Meinung der Sch\u00fclerschaft zu sagen und gegen die Willk\u00fcr von Entscheidungen zu wirken.<\/p>\r\n                    <p>Mit und f\u00fcr die SV streiten und arbeiten die beiden Vertrauenslehrkr\u00e4fte Kirsten Vorbach und Tobias Schmidt.<\/p>\r\n                    <p>F\u00fcr die SV Jakob Steinborn, 10d<\/p>\r\n                  <\/div>\r\n                <\/div>\r\n              <\/div>\r\n            <\/div>\r\n          <\/div>\r\n        <\/div>\r\n      <\/div>\r\n    <\/div>\r\n  <\/div>\r\n<\/div>","protected":false},"excerpt":{"rendered":"<p>Die Sch\u00fclervertretung ist eine Gruppe mehrerer Sch\u00fcler und Sch\u00fclerinnen unserer Schule, die j\u00e4hrlich von den Klassensprechern gew\u00e4hlt wird. Sie haben das Recht auf der Schulkonferenz im Namen der Sch\u00fcler und Sch\u00fclerinnen mit abzustimmen. Die aktuelle SV sind: Lasse Carstensen, Eren Can Cekim, Edris Fiazi, Zazie Florek, Lennard Ha\u00df, Felix Lewe H\u00f6neise, Leony Knack, Zo\u00e9 K\u00f6nig, [&hellip;]<\/p>\n","protected":false},"author":1,"featured_media":0,"parent":0,"menu_order":0,"comment_status":"closed","ping_status":"closed","template":"page-templates\/full-width-page.php","meta":[],"_links":{"self":[{"href":"http:\/\/test.pus-eck.de\/index.php?rest_route=\/wp\/v2\/pages\/254"}],"collection":[{"href":"http:\/\/test.pus-eck.de\/index.php?rest_route=\/wp\/v2\/pages"}],"about":[{"href":"http:\/\/test.pus-eck.de\/index.php?rest_route=\/wp\/v2\/types\/page"}],"author":[{"embeddable":true,"href":"http:\/\/test.pus-eck.de\/index.php?rest_route=\/wp\/v2\/users\/1"}],"replies":[{"embeddable":true,"href":"http:\/\/test.pus-eck.de\/index.php?rest_route=%2Fwp%2Fv2%2Fcomments&post=254"}],"version-history":[{"count":2,"href":"http:\/\/test.pus-eck.de\/index.php?rest_route=\/wp\/v2\/pages\/254\/revisions"}],"predecessor-version":[{"id":1308,"href":"http:\/\/test.pus-eck.de\/index.php?rest_route=\/wp\/v2\/pages\/254\/revisions\/1308"}],"wp:attachment":[{"href":"http:\/\/test.pus-eck.de\/index.php?rest_route=%2Fwp%2Fv2%2Fmedia&parent=254"}],"curies":[{"name":"wp","href":"https:\/\/api.w.org\/{rel}","templated":true}]}}